{"id":447,"date":"2020-03-24T09:37:00","date_gmt":"2020-03-24T08:37:00","guid":{"rendered":"http:\/\/profsenligne.free.fr\/?page_id=447"},"modified":"2020-06-15T11:08:57","modified_gmt":"2020-06-15T15:08:57","slug":"ce2c-3","status":"publish","type":"page","link":"https:\/\/profsenligne.net\/index.php\/ce2c-3\/","title":{"rendered":"CE2C"},"content":{"rendered":"\n<p>Pour cette semaine, votre ma\u00eetresse vous propose le programme suivant :<\/p>\n\n\n\n<div class=\"wp-block-buttons is-layout-flex wp-block-buttons-is-layout-flex\">\n<div class=\"wp-block-button\"><a class=\"wp-block-button__link has-text-color has-very-light-gray-color has-background has-vivid-purple-background-color\" href=\"\/wp-content\/uploads\/juin2020\/LEY\/CE2C\/Sem_15_au_19_06.pdf\">Semaine du 15 au 19 juin<\/a><\/div>\n<\/div>\n\n\n\n<p><\/p>\n\n\n\n<p><strong>Vocabulaire<\/strong><\/p>\n\n\n\n<div class=\"wp-block-buttons is-layout-flex wp-block-buttons-is-layout-flex\">\n<div class=\"wp-block-button\"><a class=\"wp-block-button__link has-text-color has-very-light-gray-color has-background has-pale-cyan-blue-background-color\" href=\"\/wp-content\/uploads\/juin2020\/LEY\/CE2C\/Mot_du_jour_15_06_corr.pdf\">Correction du mot du jour<\/a><\/div>\n<\/div>\n\n\n\n<p><strong>Conjugaison<\/strong><\/p>\n\n\n\n<div class=\"wp-block-buttons is-layout-flex wp-block-buttons-is-layout-flex\">\n<div class=\"wp-block-button\"><a class=\"wp-block-button__link has-text-color has-very-light-gray-color has-background has-pale-cyan-blue-background-color\" href=\"\/wp-content\/uploads\/juin2020\/LEY\/CE2C\/Conj_15_06_point_imp_corr.pdf\">Correction : Imparfait de l&#8217;indicatif &#8211; Je fais le point<\/a><\/div>\n<\/div>\n\n\n\n<p><strong>Grammaire<\/strong><\/p>\n\n\n\n<div class=\"wp-block-buttons is-layout-flex wp-block-buttons-is-layout-flex\">\n<div class=\"wp-block-button\"><a class=\"wp-block-button__link has-text-color has-very-light-gray-color has-background has-luminous-vivid-orange-background-color\" href=\"\/wp-content\/uploads\/juin2020\/LEY\/CE2C\/Gram_15_06_point.pdf\">Je fais le point<\/a><\/div>\n<\/div>\n\n\n\n<p><\/p>\n\n\n\n<div class=\"wp-block-buttons is-layout-flex wp-block-buttons-is-layout-flex\">\n<div class=\"wp-block-button\"><a class=\"wp-block-button__link has-text-color has-very-light-gray-color has-background has-luminous-vivid-amber-background-color\" href=\"\/wp-content\/uploads\/juin2020\/LEY\/CE2C\/Gram_15_06_genre_nb_lecon.pdf\">Le\u00e7on : Le  genre et le nombre<\/a><\/div>\n\n\n\n<div class=\"wp-block-button\"><a class=\"wp-block-button__link has-text-color has-very-light-gray-color has-background has-vivid-cyan-blue-background-color\" href=\"\/wp-content\/uploads\/juin2020\/LEY\/CE2C\/Gram_15_06_genre_nb.pdf\">Exercices<\/a><\/div>\n\n\n\n<div class=\"wp-block-button\"><a class=\"wp-block-button__link has-text-color has-very-light-gray-color has-background has-pale-cyan-blue-background-color\" href=\"\/wp-content\/uploads\/juin2020\/LEY\/CE2C\/Gram_15_06_genre_nb_corr.pdf\">Correction<\/a><\/div>\n<\/div>\n\n\n\n<p class=\"has-medium-font-size\"><strong>Math\u00e9matiques<\/strong><\/p>\n\n\n\n<div class=\"wp-block-buttons is-layout-flex wp-block-buttons-is-layout-flex\">\n<div class=\"wp-block-button\"><a class=\"wp-block-button__link has-text-color has-very-light-gray-color has-background has-pale-cyan-blue-background-color\" href=\"\/wp-content\/uploads\/juin2020\/LEY\/CE2C\/Nb_du_jour_15_06_corr.pdf\">Correction du nombre du jour<\/a><\/div>\n<\/div>\n\n\n\n<div class=\"wp-block-buttons is-layout-flex wp-block-buttons-is-layout-flex\">\n<div class=\"wp-block-button\"><a class=\"wp-block-button__link has-text-color has-very-light-gray-color has-background has-pale-cyan-blue-background-color\" href=\"\/wp-content\/uploads\/juin2020\/LEY\/CE2C\/Prob_du_jour_15_06_corr.pdf\">Correction du probl\u00e8me du jour<\/a><\/div>\n<\/div>\n\n\n\n<div class=\"wp-block-buttons is-layout-flex wp-block-buttons-is-layout-flex\">\n<div class=\"wp-block-button\"><a class=\"wp-block-button__link has-text-color has-very-light-gray-color has-background has-pale-cyan-blue-background-color\" href=\"\/wp-content\/uploads\/juin2020\/LEY\/CE2C\/Multi_15_06_point_corr.pdf\">Correction : Multiplication &#8211; je fais le point<\/a><\/div>\n<\/div>\n\n\n\n<div class=\"wp-block-buttons is-layout-flex wp-block-buttons-is-layout-flex\">\n<div class=\"wp-block-button\"><a class=\"wp-block-button__link has-text-color has-very-light-gray-color has-background has-pale-cyan-blue-background-color\" href=\"\/wp-content\/uploads\/juin2020\/LEY\/CE2C\/Multi_15_06_corr.pdf\">Correction : Multiplication<\/a><\/div>\n<\/div>\n\n\n\n<p><\/p>\n\n\n\n<hr class=\"wp-block-separator\"\/>\n\n\n\n<p><\/p>\n\n\n\n<p>Votre ma\u00eetresse <strong>Patricia<\/strong> vous livre le programme de cette semaine ainsi que les fiches de travail qui s&#8217;y rapportent :<\/p>\n\n\n\n<div class=\"wp-block-buttons is-layout-flex wp-block-buttons-is-layout-flex\">\n<div class=\"wp-block-button\"><a class=\"wp-block-button__link has-text-color has-very-light-gray-color has-background has-vivid-purple-background-color\" href=\"\/wp-content\/uploads\/juin2020\/LEY\/CE2C\/Sem_08_12.pdf\">Semaine du 08 au 12 juin<\/a><\/div>\n<\/div>\n\n\n\n<p class=\"has-medium-font-size\"><strong>Fran\u00e7ais<\/strong><\/p>\n\n\n\n<p><strong>Vocabulaire<\/strong><\/p>\n\n\n\n<div class=\"wp-block-buttons is-layout-flex wp-block-buttons-is-layout-flex\">\n<div class=\"wp-block-button\"><a class=\"wp-block-button__link has-text-color has-very-light-gray-color has-background has-pale-cyan-blue-background-color\" href=\"\/wp-content\/uploads\/juin2020\/LEY\/CE2C\/Mot_du_jour_08_06_corr.pdf\">Correction du mot du jour<\/a><\/div>\n<\/div>\n\n\n\n<p><strong>Conjugaison<\/strong><\/p>\n\n\n\n<div class=\"wp-block-buttons is-layout-flex wp-block-buttons-is-layout-flex\">\n<div class=\"wp-block-button\"><a class=\"wp-block-button__link has-background has-luminous-vivid-amber-background-color\" href=\"\/wp-content\/uploads\/juin2020\/LEY\/CE2C\/Conj_08_06_imp_lecon.pdf\">Le\u00e7on 1<\/a><\/div>\n\n\n\n<div class=\"wp-block-button is-style-outline\"><a class=\"wp-block-button__link has-text-color has-very-light-gray-color has-background has-luminous-vivid-amber-background-color\" href=\"\/wp-content\/uploads\/juin2020\/LEY\/CE2C\/Conj_bis_08_06_imp_lecon.pdf\">Le\u00e7on 2<\/a><\/div>\n\n\n\n<div class=\"wp-block-button is-style-outline\"><a class=\"wp-block-button__link has-text-color has-very-light-gray-color has-background has-vivid-cyan-blue-background-color\" href=\"\/wp-content\/uploads\/juin2020\/LEY\/CE2C\/Conj_08_06_point_imp.pdf\">Exercices<\/a><\/div>\n\n\n\n<div class=\"wp-block-button is-style-outline\"><a class=\"wp-block-button__link has-text-color has-very-light-gray-color has-background has-pale-cyan-blue-background-color\" href=\"\/wp-content\/uploads\/juin2020\/LEY\/CE2C\/Conj_08_06_imp_corr.pdf\">Correction<\/a><\/div>\n<\/div>\n\n\n\n<p class=\"has-medium-font-size\"><strong>Math\u00e9matiques<\/strong><\/p>\n\n\n\n<div class=\"wp-block-buttons is-layout-flex wp-block-buttons-is-layout-flex\">\n<div class=\"wp-block-button\"><a class=\"wp-block-button__link has-text-color has-very-light-gray-color has-background has-pale-cyan-blue-background-color\" href=\"\/wp-content\/uploads\/juin2020\/LEY\/CE2C\/Nb_du_jour_08_06_corr.pdf\">Correction du nombre du jour<\/a><\/div>\n<\/div>\n\n\n\n<div class=\"wp-block-buttons is-layout-flex wp-block-buttons-is-layout-flex\">\n<div class=\"wp-block-button\"><a class=\"wp-block-button__link has-text-color has-very-light-gray-color has-background has-pale-cyan-blue-background-color\" href=\"\/wp-content\/uploads\/juin2020\/LEY\/CE2C\/Prob_du_jour_08_06_corr.pdf\">Correction du probl\u00e8me du jour<\/a><\/div>\n<\/div>\n\n\n\n<div class=\"wp-block-buttons is-layout-flex wp-block-buttons-is-layout-flex\">\n<div class=\"wp-block-button\"><a class=\"wp-block-button__link has-text-color has-very-light-gray-color has-background has-pale-cyan-blue-background-color\" href=\"\/wp-content\/uploads\/juin2020\/LEY\/CE2C\/Multi_08_06_corr.pdf\">Correction multiplication<\/a><\/div>\n<\/div>\n\n\n\n<p><\/p>\n\n\n\n<hr class=\"wp-block-separator\"\/>\n\n\n\n<p>Voici les corrections d&#8217;exercices pr\u00e9c\u00e9dents que vous pr\u00e9sente votre ma\u00eetresse :<\/p>\n\n\n\n<div class=\"wp-block-buttons is-layout-flex wp-block-buttons-is-layout-flex\">\n<div class=\"wp-block-button\"><a class=\"wp-block-button__link has-text-color has-very-light-gray-color has-background has-luminous-vivid-orange-background-color\" href=\"\/wp-content\/uploads\/juin2020\/LEY\/CE2C\/Gram_accord_SV_point_corr.pdf\">Correction &#8216;je fais le point&#8217; Accord Sujet-Verbe<\/a><\/div>\n<\/div>\n\n\n\n<p><\/p>\n\n\n\n<div class=\"wp-block-buttons is-layout-flex wp-block-buttons-is-layout-flex\">\n<div class=\"wp-block-button\"><a class=\"wp-block-button__link has-text-color has-very-light-gray-color has-background has-luminous-vivid-orange-background-color\" href=\"\/wp-content\/uploads\/juin2020\/LEY\/CE2C\/Add_soustr_point_corr.pdf\">Correction &#8216;je fais le point&#8217; Additions et Soustractions<\/a><\/div>\n<\/div>\n\n\n\n<hr class=\"wp-block-separator\"\/>\n\n\n\n<p>Votre ma\u00eetresse <strong>Patricia<\/strong> vous propose ce livret d&#8217;activit\u00e9s autonome pour cette p\u00e9riode de juin :<\/p>\n\n\n\n<div class=\"wp-block-buttons is-layout-flex wp-block-buttons-is-layout-flex\">\n<div class=\"wp-block-button\"><a class=\"wp-block-button__link has-text-color has-very-light-gray-color has-background has-vivid-green-cyan-background-color\" href=\"\/wp-content\/uploads\/juin2020\/LEY\/CE2C\/Livret_autonomie.pdf\">Livret d&#8217;activit\u00e9s en autonomie<\/a><\/div>\n<\/div>\n\n\n\n<p><\/p>\n\n\n\n<hr class=\"wp-block-separator\"\/>\n\n\n\n<p>Pour cette premi\u00e8re semaine de juin, voici le programme de travail que vous propose votre ma\u00eetresse ainsi que les fiches associ\u00e9es :<\/p>\n\n\n\n<div class=\"wp-block-buttons is-layout-flex wp-block-buttons-is-layout-flex\">\n<div class=\"wp-block-button\"><a class=\"wp-block-button__link has-text-color has-very-light-gray-color has-background has-vivid-purple-background-color\" href=\"\/wp-content\/uploads\/juin2020\/LEY\/CE2C\/Sem_02_06.pdf\">Programme du 02 au 06 juin<\/a><\/div>\n<\/div>\n\n\n\n<p class=\"has-medium-font-size\"><strong>Fran\u00e7ais<\/strong><\/p>\n\n\n\n<p><strong>Vocabulaire<\/strong><\/p>\n\n\n\n<div class=\"wp-block-buttons is-layout-flex wp-block-buttons-is-layout-flex\">\n<div class=\"wp-block-button\"><a class=\"wp-block-button__link has-text-color has-very-light-gray-color has-background has-pale-cyan-blue-background-color\" href=\"\/wp-content\/uploads\/juin2020\/LEY\/CE2C\/Mot_du_jour_02_corr.pdf\">Correction du mot du jour <\/a><\/div>\n<\/div>\n\n\n\n<p><strong>Conjugaison<\/strong><\/p>\n\n\n\n<div class=\"wp-block-buttons is-layout-flex wp-block-buttons-is-layout-flex\">\n<div class=\"wp-block-button\"><a class=\"wp-block-button__link has-text-color has-very-light-gray-color has-background has-vivid-cyan-blue-background-color\" href=\"\/wp-content\/uploads\/juin2020\/LEY\/CE2C\/Conj_pres_ex.pdf\">Exercices de conjugaison<\/a><\/div>\n\n\n\n<div class=\"wp-block-button\"><a class=\"wp-block-button__link has-text-color has-very-light-gray-color has-background has-pale-cyan-blue-background-color\" href=\"\/wp-content\/uploads\/juin2020\/LEY\/CE2C\/Conj_pres_ex_corr.pdf\">Correction<\/a><\/div>\n<\/div>\n\n\n\n<div class=\"wp-block-buttons is-layout-flex wp-block-buttons-is-layout-flex\">\n<div class=\"wp-block-button\"><a class=\"wp-block-button__link has-text-color has-very-light-gray-color has-background has-luminous-vivid-orange-background-color\" href=\"\/wp-content\/uploads\/juin2020\/LEY\/CE2C\/Conj_verbes_lecon.pdf\">Tableau de verbes conjugu\u00e9s au pr\u00e9sent<\/a><\/div>\n<\/div>\n\n\n\n<div class=\"wp-block-buttons is-layout-flex wp-block-buttons-is-layout-flex\">\n<div class=\"wp-block-button\"><a class=\"wp-block-button__link has-text-color has-very-light-gray-color has-background has-luminous-vivid-orange-background-color\" href=\"\/wp-content\/uploads\/juin2020\/LEY\/CE2C\/Conj_v_er_pres_lecon.pdf\">Le\u00e7on : conjugaison des verbes en &#8216;er&#8217; au pr\u00e9sent<\/a><\/div>\n<\/div>\n\n\n\n<div class=\"wp-block-buttons is-layout-flex wp-block-buttons-is-layout-flex\">\n<div class=\"wp-block-button\"><a class=\"wp-block-button__link has-text-color has-very-light-gray-color has-background has-luminous-vivid-orange-background-color\" href=\"\/wp-content\/uploads\/juin2020\/LEY\/CE2C\/Conj_3g_pres_lecon.pdf\">Le\u00e7on : conjugaison des verbes des 3 groupes au pr\u00e9sent<\/a><\/div>\n<\/div>\n\n\n\n<div class=\"wp-block-buttons is-layout-flex wp-block-buttons-is-layout-flex\">\n<div class=\"wp-block-button\"><a class=\"wp-block-button__link has-text-color has-very-light-gray-color has-background has-luminous-vivid-amber-background-color\" href=\"\/wp-content\/uploads\/juin2020\/LEY\/CE2C\/Conj_pres_point.pdf\">Conjugaison de verbes au pr\u00e9sent de l&#8217;indicatif: je fais le point<\/a><\/div>\n<\/div>\n\n\n\n<p><\/p>\n\n\n\n<p class=\"has-medium-font-size\"><strong>Math\u00e9matiques<\/strong><\/p>\n\n\n\n<div class=\"wp-block-buttons is-layout-flex wp-block-buttons-is-layout-flex\">\n<div class=\"wp-block-button\"><a class=\"wp-block-button__link has-text-color has-very-light-gray-color has-background has-pale-cyan-blue-background-color\" href=\"\/wp-content\/uploads\/juin2020\/LEY\/CE2C\/Nb_du_jour_02_corr.pdf\">Correction du nombre du jour<\/a><\/div>\n<\/div>\n\n\n\n<div class=\"wp-block-buttons is-layout-flex wp-block-buttons-is-layout-flex\">\n<div class=\"wp-block-button\"><a class=\"wp-block-button__link has-text-color has-very-light-gray-color has-background has-pale-cyan-blue-background-color\" href=\"\/wp-content\/uploads\/juin2020\/LEY\/CE2C\/Prob_du_jour_02_corr.pdf\">Correction du probl\u00e8me du jour<\/a><\/div>\n<\/div>\n\n\n\n<p><strong>Op\u00e9rations<\/strong><\/p>\n\n\n\n<div class=\"wp-block-buttons is-layout-flex wp-block-buttons-is-layout-flex\">\n<div class=\"wp-block-button\"><a class=\"wp-block-button__link has-text-color has-very-light-gray-color has-background has-pale-cyan-blue-background-color\" href=\"\/wp-content\/uploads\/juin2020\/LEY\/CE2C\/Multi_corr.pdf\">Correction multiplication<\/a><\/div>\n<\/div>\n\n\n\n<div class=\"wp-block-buttons is-layout-flex wp-block-buttons-is-layout-flex\">\n<div class=\"wp-block-button\"><a class=\"wp-block-button__link has-text-color has-very-light-gray-color has-background has-luminous-vivid-amber-background-color\" href=\"\/wp-content\/uploads\/juin2020\/LEY\/CE2C\/Multi_point.pdf\">Multiplication : je fais le point<\/a><\/div>\n<\/div>\n\n\n\n<div class=\"wp-block-buttons is-layout-flex wp-block-buttons-is-layout-flex\">\n<div class=\"wp-block-button\"><a class=\"wp-block-button__link has-text-color has-very-light-gray-color has-background has-luminous-vivid-orange-background-color\" href=\"\/wp-content\/uploads\/juin2020\/LEY\/CE2C\/Sens_multi_lecon.pdf\">Le\u00e7on : le sens de la multiplication<\/a><\/div>\n<\/div>\n\n\n\n<div class=\"wp-block-buttons is-layout-flex wp-block-buttons-is-layout-flex\">\n<div class=\"wp-block-button\"><a class=\"wp-block-button__link has-text-color has-very-light-gray-color has-background has-luminous-vivid-orange-background-color\" href=\"\/wp-content\/uploads\/juin2020\/LEY\/CE2C\/Tech_multi_lecon.pdf\">Le\u00e7on : technique de la multiplication<\/a><\/div>\n<\/div>\n\n\n\n<div class=\"wp-block-buttons is-layout-flex wp-block-buttons-is-layout-flex\">\n<div class=\"wp-block-button\"><a class=\"wp-block-button__link\"><\/a><\/div>\n<\/div>\n\n\n\n<hr class=\"wp-block-separator\"\/>\n\n\n\n<p>En cette fin du mois de mai, les activit\u00e9s pr\u00e9par\u00e9es par votre ma\u00eetresse <strong>Patricia<\/strong> sont les suivantes :<\/p>\n\n\n\n<div class=\"wp-block-buttons is-layout-flex wp-block-buttons-is-layout-flex\">\n<div class=\"wp-block-button\"><a class=\"wp-block-button__link has-text-color has-very-light-gray-color has-background has-vivid-purple-background-color\" href=\"\/wp-content\/uploads\/mai2020\/LEY\/CE2C\/Sem_25_29.pdf\">Programme du 25 au 29 mai<\/a><\/div>\n<\/div>\n\n\n\n<p class=\"has-medium-font-size\"><strong>Fran\u00e7ais<\/strong><\/p>\n\n\n\n<p><strong>Vocabulaire<\/strong><\/p>\n\n\n\n<div class=\"wp-block-buttons is-layout-flex wp-block-buttons-is-layout-flex\">\n<div class=\"wp-block-button\"><a class=\"wp-block-button__link has-text-color has-very-light-gray-color has-background has-pale-cyan-blue-background-color\" href=\"\/wp-content\/uploads\/mai2020\/LEY\/CE2C\/Mot_du_jour25_corr.pdf\">Correction du mot du jour<\/a><\/div>\n<\/div>\n\n\n\n<p><strong>Grammaire<\/strong><\/p>\n\n\n\n<div class=\"wp-block-buttons is-layout-flex wp-block-buttons-is-layout-flex\">\n<div class=\"wp-block-button\"><a class=\"wp-block-button__link has-text-color has-very-light-gray-color has-background has-vivid-cyan-blue-background-color\" href=\"\/wp-content\/uploads\/mai2020\/LEY\/CE2C\/Gram25_accord_sv.pdf\">Accords sujet-verbe : je fais le point<\/a><\/div>\n\n\n\n<div class=\"wp-block-button is-style-outline\"><a class=\"wp-block-button__link has-text-color has-very-light-gray-color has-background has-vivid-cyan-blue-background-color\" href=\"\/wp-content\/uploads\/mai2020\/LEY\/CE2C\/Gram25_exo.pdf\">Exercices<\/a><\/div>\n\n\n\n<div class=\"wp-block-button is-style-outline\"><a class=\"wp-block-button__link has-text-color has-very-light-gray-color has-background has-pale-cyan-blue-background-color\" href=\"\/wp-content\/uploads\/mai2020\/LEY\/CE2C\/Gram25_exo_corr.pdf\">Correction<\/a><\/div>\n<\/div>\n\n\n\n<p class=\"has-medium-font-size\"><strong>Math\u00e9matiques<\/strong><\/p>\n\n\n\n<div class=\"wp-block-buttons is-layout-flex wp-block-buttons-is-layout-flex\">\n<div class=\"wp-block-button\"><a class=\"wp-block-button__link has-text-color has-very-light-gray-color has-background has-pale-cyan-blue-background-color\" href=\"\/wp-content\/uploads\/mai2020\/LEY\/CE2C\/Nb_du_jour25_corr.pdf\">Correction du nombre du jour<\/a><\/div>\n\n\n\n<div class=\"wp-block-button is-style-outline\"><a class=\"wp-block-button__link has-text-color has-very-light-gray-color has-background has-pale-cyan-blue-background-color\" href=\"\/wp-content\/uploads\/mai2020\/LEY\/CE2C\/Prob_du_jour25_corr.pdf\">Probl\u00e8me du jour &amp; correction<\/a><\/div>\n<\/div>\n\n\n\n<p><\/p>\n\n\n\n<p><strong>Op\u00e9rations<\/strong><\/p>\n\n\n\n<div class=\"wp-block-buttons is-layout-flex wp-block-buttons-is-layout-flex\">\n<div class=\"wp-block-button\"><a class=\"wp-block-button__link has-text-color has-very-light-gray-color has-background has-vivid-cyan-blue-background-color\" href=\"\/wp-content\/uploads\/mai2020\/LEY\/CE2C\/Add25_point.pdf\">Additions : je fais le point<\/a><\/div>\n<\/div>\n\n\n\n<div class=\"wp-block-buttons is-layout-flex wp-block-buttons-is-layout-flex\">\n<div class=\"wp-block-button\"><a class=\"wp-block-button__link has-text-color has-very-light-gray-color has-background has-vivid-cyan-blue-background-color\" href=\"\/wp-content\/uploads\/mai2020\/LEY\/CE2C\/Soustr25_exo.pdf\">Soustractions<\/a><\/div>\n\n\n\n<div class=\"wp-block-button is-style-outline\"><a class=\"wp-block-button__link has-text-color has-very-light-gray-color has-background has-pale-cyan-blue-background-color\" href=\"\/wp-content\/uploads\/mai2020\/LEY\/CE2C\/Soustr25_exo_corr.pdf\">Correction<\/a><\/div>\n<\/div>\n\n\n\n<hr class=\"wp-block-separator\"\/>\n\n\n\n<p>Pour ce lundi 25 mai, votre ma\u00eetresse vous pr\u00e9sente un bilan de travail :<\/p>\n\n\n\n<p><strong>Grammaire<\/strong><\/p>\n\n\n\n<div class=\"wp-block-buttons is-layout-flex wp-block-buttons-is-layout-flex\">\n<div class=\"wp-block-button is-style-outline\"><a class=\"wp-block-button__link has-text-color has-very-light-gray-color has-background has-luminous-vivid-amber-background-color\" href=\"\/wp-content\/uploads\/mai2020\/LEY\/CE2C\/Bilan25_fr.pdf\">Bilan de fran\u00e7ais : je fais le point<\/a><\/div>\n\n\n\n<div class=\"wp-block-button\"><a class=\"wp-block-button__link has-text-color has-very-light-gray-color has-background has-pale-cyan-blue-background-color\" href=\"\/wp-content\/uploads\/mai2020\/LEY\/CE2C\/Gram25_point_phrase_corr.pdf\">Exercices : correction<\/a><\/div>\n<\/div>\n\n\n\n<p class=\"has-medium-font-size\"><strong>Math\u00e9matiques<\/strong><\/p>\n\n\n\n<p><strong>Num\u00e9ration<\/strong><\/p>\n\n\n\n<div class=\"wp-block-buttons is-layout-flex wp-block-buttons-is-layout-flex\">\n<div class=\"wp-block-button is-style-outline\"><a class=\"wp-block-button__link has-text-color has-very-light-gray-color has-background has-luminous-vivid-amber-background-color\" href=\"\/wp-content\/uploads\/mai2020\/LEY\/CE2C\/Bilan25_maths1.pdf\">Bilan de math\u00e9matiques : je fais le point<\/a><\/div>\n\n\n\n<div class=\"wp-block-button\"><a class=\"wp-block-button__link has-text-color has-very-light-gray-color has-background has-pale-cyan-blue-background-color\" href=\"\/wp-content\/uploads\/mai2020\/LEY\/CE2C\/Num25_point_9999_corr.pdf\">Nombres jusqu&#8217;\u00e0 9 999 : correction<\/a><\/div>\n<\/div>\n\n\n\n<p><\/p>\n\n\n\n<hr class=\"wp-block-separator\"\/>\n\n\n\n<p>En cette reprise du 18 mai, ma\u00eetresse <strong>Patricia<\/strong> vous d\u00e9livre le programme et les fiches de travail \u00e0 effectuer :<\/p>\n\n\n\n<div class=\"wp-block-buttons is-layout-flex wp-block-buttons-is-layout-flex\">\n<div class=\"wp-block-button\"><a class=\"wp-block-button__link has-text-color has-very-light-gray-color has-background has-luminous-vivid-amber-background-color\" href=\"\/wp-content\/uploads\/mai2020\/LEY\/CE2C\/Sem18.pdf\">Semaine du 18 mai<\/a><\/div>\n<\/div>\n\n\n\n<p class=\"has-medium-font-size\"><strong>Fran\u00e7ais<\/strong><\/p>\n\n\n\n<p><strong>Vocabulaire<\/strong><\/p>\n\n\n\n<div class=\"wp-block-buttons is-layout-flex wp-block-buttons-is-layout-flex\">\n<div class=\"wp-block-button\"><a class=\"wp-block-button__link has-text-color has-very-light-gray-color has-background has-pale-cyan-blue-background-color\" href=\"\/wp-content\/uploads\/mai2020\/LEY\/CE2C\/Mot_du_jour18_corr.pdf\">Mot du jour &amp; correction<\/a><\/div>\n<\/div>\n\n\n\n<p><strong>Conjugaison<\/strong><\/p>\n\n\n\n<div class=\"wp-block-buttons is-layout-flex wp-block-buttons-is-layout-flex\">\n<div class=\"wp-block-button\"><a class=\"wp-block-button__link has-text-color has-very-light-gray-color has-background has-luminous-vivid-amber-background-color\" href=\"\/wp-content\/uploads\/mai2020\/LEY\/CE2C\/Conj18_lecon.pdf\">Le\u00e7on : les groupes de verbes<\/a><\/div>\n<\/div>\n\n\n\n<p><strong>Grammaire<\/strong><\/p>\n\n\n\n<div class=\"wp-block-buttons is-layout-flex wp-block-buttons-is-layout-flex\">\n<div class=\"wp-block-button\"><a class=\"wp-block-button__link has-text-color has-very-light-gray-color has-background has-luminous-vivid-amber-background-color\" href=\"\/wp-content\/uploads\/mai2020\/LEY\/CE2C\/Gram_inf_lecon.pdf\">Le\u00e7on : verbes conjugu\u00e9s et \u00e0 infinitif<\/a><\/div>\n\n\n\n<div class=\"wp-block-button\"><a class=\"wp-block-button__link has-text-color has-very-light-gray-color has-background has-vivid-cyan-blue-background-color\" href=\"\/wp-content\/uploads\/mai2020\/LEY\/CE2C\/Gram18_ex_corr.pdf\">Exercices<\/a><\/div>\n<\/div>\n\n\n\n<p class=\"has-medium-font-size\"><strong>Math\u00e9matiques<\/strong><\/p>\n\n\n\n<div class=\"wp-block-buttons is-layout-flex wp-block-buttons-is-layout-flex\">\n<div class=\"wp-block-button\"><a class=\"wp-block-button__link has-text-color has-very-light-gray-color has-background has-pale-cyan-blue-background-color\" href=\"\/wp-content\/uploads\/mai2020\/LEY\/CE2C\/Nb_du_jour18_corr.pdf\">Nombre du jour &amp; correction<\/a><\/div>\n<\/div>\n\n\n\n<div class=\"wp-block-buttons is-layout-flex wp-block-buttons-is-layout-flex\">\n<div class=\"wp-block-button\"><a class=\"wp-block-button__link has-text-color has-very-light-gray-color has-background has-pale-cyan-blue-background-color\" href=\"\/wp-content\/uploads\/mai2020\/LEY\/CE2C\/Prob_du_jour18_corr.pdf\">Probl\u00e8me du jour et correction<\/a><\/div>\n<\/div>\n\n\n\n<p><\/p>\n\n\n\n<div class=\"wp-block-buttons is-layout-flex wp-block-buttons-is-layout-flex\">\n<div class=\"wp-block-button\"><a class=\"wp-block-button__link has-text-color has-very-light-gray-color has-background has-luminous-vivid-amber-background-color\" href=\"\/wp-content\/uploads\/mai2020\/LEY\/CE2C\/Add18_lecon.pdf\">Le\u00e7on: l&#8217;addition avec et sans retenue<\/a><\/div>\n\n\n\n<div class=\"wp-block-button\"><a class=\"wp-block-button__link has-text-color has-very-light-gray-color has-background has-vivid-cyan-blue-background-color\" href=\"\/wp-content\/uploads\/mai2020\/LEY\/CE2C\/Add18_ex.pdf\">Exercices<\/a><\/div>\n\n\n\n<div class=\"wp-block-button\"><a class=\"wp-block-button__link has-text-color has-very-light-gray-color has-background has-pale-cyan-blue-background-color\" href=\"\/wp-content\/uploads\/mai2020\/LEY\/CE2C\/Add18_ex_corr.pdf\">Correction<\/a><\/div>\n<\/div>\n\n\n\n<p><\/p>\n\n\n\n<hr class=\"wp-block-separator\"\/>\n\n\n\n<p>Pour cette deuxi\u00e8me semaine de mai, votre ma\u00eetresse vous pr\u00e9sente le programme ainsi que les fiches de travail qui s&#8217;y rapportent :<\/p>\n\n\n\n<div class=\"wp-block-buttons is-layout-flex wp-block-buttons-is-layout-flex\">\n<div class=\"wp-block-button\"><a class=\"wp-block-button__link has-text-color has-very-light-gray-color has-background has-luminous-vivid-amber-background-color\" href=\"\/wp-content\/uploads\/mai2020\/LEY\/CE2C\/Sem_11_15_05.pdf\">Programme du 11 au 15 mai<\/a><\/div>\n<\/div>\n\n\n\n<p class=\"has-medium-font-size\"><strong>Fran\u00e7ais<\/strong><\/p>\n\n\n\n<p><strong>Vocabulaire<\/strong><\/p>\n\n\n\n<div class=\"wp-block-buttons is-layout-flex wp-block-buttons-is-layout-flex\">\n<div class=\"wp-block-button\"><a class=\"wp-block-button__link has-text-color has-very-light-gray-color has-background has-pale-cyan-blue-background-color\" href=\"\/wp-content\/uploads\/mai2020\/LEY\/CE2C\/Mot_du_jour_12_corr.pdf\">Correction du mot du jour<\/a><\/div>\n<\/div>\n\n\n\n<p><strong>Grammaire<\/strong><\/p>\n\n\n\n<div class=\"wp-block-buttons is-layout-flex wp-block-buttons-is-layout-flex\">\n<div class=\"wp-block-button\"><a class=\"wp-block-button__link has-text-color has-very-light-gray-color has-background has-luminous-vivid-amber-background-color\" href=\"\/wp-content\/uploads\/mai2020\/LEY\/CE2C\/Gram_verbe_lecon.pdf\">Le verbe : je fais le point<\/a><\/div>\n<\/div>\n\n\n\n<div class=\"wp-block-buttons is-layout-flex wp-block-buttons-is-layout-flex\">\n<div class=\"wp-block-button\"><a class=\"wp-block-button__link has-text-color has-very-light-gray-color has-background has-luminous-vivid-amber-background-color\" href=\"\/wp-content\/uploads\/mai2020\/LEY\/CE2C\/Gram_phrase_point.pdf\">La phrase : je fais le point<\/a><\/div>\n\n\n\n<div class=\"wp-block-button is-style-outline\"><a class=\"wp-block-button__link has-text-color has-very-light-gray-color has-background has-vivid-cyan-blue-background-color\" href=\"\/wp-content\/uploads\/mai2020\/LEY\/CE2C\/Gram_phrase_ex.pdf\">Exercices<\/a><\/div>\n\n\n\n<div class=\"wp-block-button is-style-outline\"><a class=\"wp-block-button__link has-text-color has-very-light-gray-color has-background has-pale-cyan-blue-background-color\" href=\"\/wp-content\/uploads\/mai2020\/LEY\/CE2C\/Gram_phrase_ex_corr.pdf\">Correction<\/a><\/div>\n<\/div>\n\n\n\n<p class=\"has-medium-font-size\"><strong>Math\u00e9matiques<\/strong><\/p>\n\n\n\n<p class=\"has-medium-font-size\"><strong>Corrections<\/strong><\/p>\n\n\n\n<div class=\"wp-block-buttons is-layout-flex wp-block-buttons-is-layout-flex\">\n<div class=\"wp-block-button\"><a class=\"wp-block-button__link has-text-color has-very-light-gray-color has-background\" href=\"\/wp-content\/uploads\/mai2020\/LEY\/CE2C\/Nb_du_jour_12_corr.pdf\" style=\"background:radial-gradient(rgba(6,147,227,1) 47%,rgb(155,81,224) 100%)\">Correction du nombre du jour<\/a><\/div>\n\n\n\n<div class=\"wp-block-button is-style-outline\"><a class=\"wp-block-button__link has-text-color has-very-light-gray-color has-background\" href=\"\/wp-content\/uploads\/mai2020\/LEY\/CE2C\/Nb_myst_&amp;_corr.pdf\" style=\"background:linear-gradient(135deg,rgba(6,147,227,1) 48%,rgb(155,81,224) 100%)\">Le nombre myst\u00e9rieux &amp; correction<\/a><\/div>\n<\/div>\n\n\n\n<p><strong>Num\u00e9ration<\/strong><\/p>\n\n\n\n<div class=\"wp-block-buttons is-layout-flex wp-block-buttons-is-layout-flex\">\n<div class=\"wp-block-button\"><a class=\"wp-block-button__link has-text-color has-very-light-gray-color has-background has-luminous-vivid-amber-background-color\" href=\"\/wp-content\/uploads\/mai2020\/LEY\/CE2C\/Maths_9999_lecon.pdf\">Le\u00e7on: les nombres jusqu&#8217;\u00e0 9999<\/a><\/div>\n<\/div>\n\n\n\n<div class=\"wp-block-buttons is-layout-flex wp-block-buttons-is-layout-flex\">\n<div class=\"wp-block-button\"><a class=\"wp-block-button__link has-text-color has-very-light-gray-color has-background\" href=\"\/wp-content\/uploads\/mai2020\/LEY\/CE2C\/Maths_&amp;_corr.pdf\" style=\"background:radial-gradient(rgba(6,147,227,1) 48%,rgb(155,81,224) 100%)\">Fiche 1 &amp; correction<\/a><\/div>\n\n\n\n<div class=\"wp-block-button is-style-outline\"><a class=\"wp-block-button__link has-text-color has-very-light-gray-color has-background\" href=\"\/wp-content\/uploads\/mai2020\/LEY\/CE2C\/Maths_&amp;_corr2.pdf\" style=\"background:linear-gradient(135deg,rgba(6,147,227,1) 48%,rgb(155,81,224) 100%)\">Fiche 2 &amp; correction<\/a><\/div>\n\n\n\n<div class=\"wp-block-button is-style-outline\"><a class=\"wp-block-button__link has-text-color has-very-light-gray-color has-background\" href=\"\/wp-content\/uploads\/mai2020\/LEY\/CE2C\/Maths_&amp;_corr3.pdf\" style=\"background:linear-gradient(135deg,rgba(6,147,227,1) 46%,rgb(155,81,224) 100%)\">Fiche 3 &amp; correction<\/a><\/div>\n<\/div>\n\n\n\n<p><\/p>\n\n\n\n<hr class=\"wp-block-separator\"\/>\n\n\n\n<p>Pour ce d\u00e9but du mois de mai, voici le programme que vous propose votre ma\u00eetresse ainsi que les exercices associ\u00e9s :<\/p>\n\n\n\n<div class=\"wp-block-buttons is-layout-flex wp-block-buttons-is-layout-flex\">\n<div class=\"wp-block-button\"><a class=\"wp-block-button__link has-text-color has-very-light-gray-color has-background has-luminous-vivid-amber-background-color\" href=\"\/wp-content\/uploads\/mai2020\/LEY\/CE2C\/Prog_04_05.pdf\">Programme du 4 au 7 mai<\/a><\/div>\n<\/div>\n\n\n\n<p><\/p>\n\n\n\n<p class=\"has-medium-font-size\"><strong>Fran\u00e7ais<\/strong><\/p>\n\n\n\n<p><strong>Lecture &#8211; compr\u00e9hension<\/strong><\/p>\n\n\n\n<div class=\"wp-block-buttons is-layout-flex wp-block-buttons-is-layout-flex\">\n<div class=\"wp-block-button\"><a class=\"wp-block-button__link has-text-color has-very-light-gray-color has-background has-pale-cyan-blue-background-color\" href=\"\/wp-content\/uploads\/mai2020\/LEY\/CE2C\/Mot_du_jour_corr.pdf\">Correction : le mot du jour<\/a><\/div>\n<\/div>\n\n\n\n<div class=\"wp-block-buttons is-layout-flex wp-block-buttons-is-layout-flex\">\n<div class=\"wp-block-button\"><a class=\"wp-block-button__link has-text-color has-very-light-gray-color has-background has-pale-cyan-blue-background-color\" href=\"\/wp-content\/uploads\/mai2020\/LEY\/CE2C\/Lect_comp.pdf\">Lecture &#8211; compr\u00e9hension &amp; correction<\/a><\/div>\n<\/div>\n\n\n\n<p><\/p>\n\n\n\n<p class=\"has-medium-font-size\"><strong>Math\u00e9matiques<\/strong><\/p>\n\n\n\n<p><strong>Num\u00e9ration<\/strong><\/p>\n\n\n\n<div class=\"wp-block-buttons is-layout-flex wp-block-buttons-is-layout-flex\">\n<div class=\"wp-block-button\"><a class=\"wp-block-button__link has-text-color has-very-light-gray-color has-background has-pale-cyan-blue-background-color\" href=\"\/wp-content\/uploads\/mai2020\/LEY\/CE2C\/Nb_du_jour_corr.pdf\">Correction : le nombre du jour<\/a><\/div>\n\n\n\n<div class=\"wp-block-button is-style-outline\"><a class=\"wp-block-button__link has-text-color has-very-light-gray-color has-background has-pale-cyan-blue-background-color\" href=\"\/wp-content\/uploads\/mai2020\/LEY\/CE2C\/Prob_du_jour.pdf\">Correction : le nombre myst\u00e9rieux<\/a><\/div>\n<\/div>\n\n\n\n<div class=\"wp-block-buttons is-layout-flex wp-block-buttons-is-layout-flex\">\n<div class=\"wp-block-button\"><a class=\"wp-block-button__link has-text-color has-very-light-gray-color has-background has-luminous-vivid-amber-background-color\" href=\"\/wp-content\/uploads\/mai2020\/LEY\/CE2C\/Lecon_num990.pdf\">Le\u00e7on : les nombres jusqu&#8217;\u00e0 990<\/a><\/div>\n\n\n\n<div class=\"wp-block-button is-style-outline\"><a class=\"wp-block-button__link has-text-color has-very-light-gray-color has-background has-vivid-cyan-blue-background-color\" href=\"\/wp-content\/uploads\/mai2020\/LEY\/CE2C\/Exo_num990_corr.pdf\">Exercices<\/a><\/div>\n<\/div>\n\n\n\n<div class=\"wp-block-buttons is-layout-flex wp-block-buttons-is-layout-flex\">\n<div class=\"wp-block-button\"><a class=\"wp-block-button__link has-text-color has-very-light-gray-color has-background has-luminous-vivid-amber-background-color\" href=\"\/wp-content\/uploads\/mai2020\/LEY\/CE2C\/Lecon_cent_diz_u.pdf\">Le\u00e7on : centaine &#8211; dizaine &#8211; unit\u00e9<\/a><\/div>\n\n\n\n<div class=\"wp-block-button is-style-outline\"><a class=\"wp-block-button__link has-text-color has-very-light-gray-color has-background has-vivid-cyan-blue-background-color\" href=\"\/wp-content\/uploads\/mai2020\/LEY\/CE2C\/Exo_num_cent_diz_u.pdf\">Exercices<\/a><\/div>\n<\/div>\n\n\n\n<div class=\"wp-block-buttons is-layout-flex wp-block-buttons-is-layout-flex\">\n<div class=\"wp-block-button\"><a class=\"wp-block-button__link has-text-color has-very-light-gray-color has-background has-pale-cyan-blue-background-color\" href=\"\/wp-content\/uploads\/mai2020\/LEY\/CE2C\/Exo_num_comp.pdf\">Exercices : comparaison de nombre &amp; correction<\/a><\/div>\n<\/div>\n\n\n\n<p><\/p>\n\n\n\n<hr class=\"wp-block-separator\"\/>\n\n\n\n<p>D\u00e9couvrez ce que vous a r\u00e9serv\u00e9 votre ma\u00eetresse pour cette semaine d&#8217;avril :<\/p>\n\n\n\n<div class=\"wp-block-buttons is-layout-flex wp-block-buttons-is-layout-flex\">\n<div class=\"wp-block-button\"><a class=\"wp-block-button__link has-text-color has-very-light-gray-color has-background has-luminous-vivid-amber-background-color\" href=\"\/wp-content\/uploads\/avril2020\/LEY\/CE2C\/Prog_27_30.pdf\">Programme du 27 au 30 avril<\/a><\/div>\n<\/div>\n\n\n\n<p><\/p>\n\n\n\n<p class=\"has-medium-font-size\"><strong>Fran\u00e7ais<\/strong><\/p>\n\n\n\n<p><strong>Grammaire<\/strong><\/p>\n\n\n\n<p class=\"has-text-color has-background has-text-align-center has-very-dark-gray-color has-very-light-gray-background-color\"><strong>Le\u00e7ons<\/strong><\/p>\n\n\n\n<div class=\"wp-block-buttons is-layout-flex wp-block-buttons-is-layout-flex\">\n<div class=\"wp-block-button is-style-outline\"><a class=\"wp-block-button__link has-text-color has-very-light-gray-color has-background has-pale-pink-background-color\" href=\"\/wp-content\/uploads\/avril2020\/LEY\/CE2C\/Lecon_phr.pdf\">La phrase<\/a><\/div>\n\n\n\n<div class=\"wp-block-button is-style-outline\"><a class=\"wp-block-button__link has-text-color has-very-light-gray-color has-background has-pale-pink-background-color\" href=\"\/wp-content\/uploads\/avril2020\/LEY\/CE2C\/Lecon_type.pdf\">Les types de phrases<\/a><\/div>\n\n\n\n<div class=\"wp-block-button is-style-outline\"><a class=\"wp-block-button__link has-text-color has-very-light-gray-color has-background has-pale-pink-background-color\" href=\"\/wp-content\/uploads\/avril2020\/LEY\/CE2C\/Lecon_ponct.pdf\">La ponctuation<\/a><\/div>\n<\/div>\n\n\n\n<p class=\"has-text-color has-background has-text-align-center has-very-dark-gray-color has-very-light-gray-background-color\"><strong>Exercices et corrig\u00e9<\/strong>s<\/p>\n\n\n\n<div class=\"wp-block-buttons is-layout-flex wp-block-buttons-is-layout-flex\">\n<div class=\"wp-block-button\"><a class=\"wp-block-button__link has-text-color has-very-light-gray-color has-background has-vivid-cyan-blue-background-color\" href=\"\/wp-content\/uploads\/avril2020\/LEY\/CE2C\/Gram_27_typ_form_corr.pdf\">Fiche 1<\/a><\/div>\n\n\n\n<div class=\"wp-block-button is-style-outline\"><a class=\"wp-block-button__link has-text-color has-very-light-gray-color has-background has-vivid-cyan-blue-background-color\" href=\"\/wp-content\/uploads\/avril2020\/LEY\/CE2C\/Gram_27_ponct_corr.pdf\">Fiche 2<\/a><\/div>\n<\/div>\n\n\n\n<div class=\"wp-block-buttons is-layout-flex wp-block-buttons-is-layout-flex\">\n<div class=\"wp-block-button\"><a class=\"wp-block-button__link has-text-color has-very-light-gray-color has-background has-light-green-cyan-background-color\" href=\"\/wp-content\/uploads\/avril2020\/LEY\/CE2C\/Mot_du_jour_corr.pdf\">Mot du jour &amp; correction<\/a><\/div>\n<\/div>\n\n\n\n<p><\/p>\n\n\n\n<p class=\"has-medium-font-size\"><strong>Math\u00e9matiques<\/strong><\/p>\n\n\n\n<p><strong>Num\u00e9ration<\/strong><\/p>\n\n\n\n<p class=\"has-text-color has-background has-text-align-center has-very-dark-gray-color has-very-light-gray-background-color\"><strong>Le\u00e7ons<\/strong><\/p>\n\n\n\n<div class=\"wp-block-buttons is-layout-flex wp-block-buttons-is-layout-flex\">\n<div class=\"wp-block-button\"><a class=\"wp-block-button__link has-text-color has-very-light-gray-color has-background has-pale-pink-background-color\" href=\"\/wp-content\/uploads\/avril2020\/LEY\/CE2C\/Lecon_nb99.pdf\">Nombres en chiffres<\/a><\/div>\n\n\n\n<div class=\"wp-block-button is-style-outline\"><a class=\"wp-block-button__link has-text-color has-very-light-gray-color has-background has-pale-pink-background-color\" href=\"\/wp-content\/uploads\/avril2020\/LEY\/CE2C\/Lecon_nb99lettres.pdf\">Nombres en lettres<\/a><\/div>\n\n\n\n<div class=\"wp-block-button is-style-outline\"><a class=\"wp-block-button__link has-text-color has-very-light-gray-color has-background has-pale-pink-background-color\" href=\"\/wp-content\/uploads\/avril2020\/LEY\/CE2C\/Lecon_d_u.pdf\">Dizaine &amp; Unit\u00e9s<\/a><\/div>\n\n\n\n<div class=\"wp-block-button is-style-outline\"><a class=\"wp-block-button__link has-text-color has-very-light-gray-color has-background has-pale-pink-background-color\" href=\"\/wp-content\/uploads\/avril2020\/LEY\/CE2C\/Lecon_p_g.pdf\">Petit et Grand<\/a><\/div>\n<\/div>\n\n\n\n<p class=\"has-text-color has-background has-text-align-center has-very-dark-gray-color has-very-light-gray-background-color\"><strong>Exercices et corrig\u00e9s<\/strong><\/p>\n\n\n\n<div class=\"wp-block-buttons is-layout-flex wp-block-buttons-is-layout-flex\">\n<div class=\"wp-block-button\"><a class=\"wp-block-button__link has-text-color has-very-light-gray-color has-background has-vivid-cyan-blue-background-color\" href=\"\/wp-content\/uploads\/avril2020\/LEY\/CE2C\/Num_et_corr1.pdf\">Fiche 1<\/a><\/div>\n\n\n\n<div class=\"wp-block-button is-style-outline\"><a class=\"wp-block-button__link has-text-color has-very-light-gray-color has-background has-vivid-cyan-blue-background-color\" href=\"\/wp-content\/uploads\/avril2020\/LEY\/CE2C\/Num_et_corr2.pdf\">Fiche 2<\/a><\/div>\n\n\n\n<div class=\"wp-block-button is-style-outline\"><a class=\"wp-block-button__link has-text-color has-very-light-gray-color has-background has-vivid-cyan-blue-background-color\" href=\"\/wp-content\/uploads\/avril2020\/LEY\/CE2C\/Num_et_corr3.pdf\">Fiche 3<\/a><\/div>\n<\/div>\n\n\n\n<div class=\"wp-block-buttons is-layout-flex wp-block-buttons-is-layout-flex\">\n<div class=\"wp-block-button\"><a class=\"wp-block-button__link has-text-color has-very-light-gray-color has-background has-light-green-cyan-background-color\" href=\"\/wp-content\/uploads\/avril2020\/LEY\/CE2C\/Nb_du_jour_corr.pdf\">Nombre du jour &amp; correction<\/a><\/div>\n\n\n\n<div class=\"wp-block-button is-style-outline\"><a class=\"wp-block-button__link has-text-color has-very-light-gray-color has-background has-light-green-cyan-background-color\" href=\"\/wp-content\/uploads\/avril2020\/LEY\/CE2C\/Prob_du_jour_et_corr.pdf\">Le nombre myst\u00e9rieux<\/a><\/div>\n<\/div>\n\n\n\n<p><\/p>\n\n\n\n<hr class=\"wp-block-separator\"\/>\n\n\n\n<p>Pour ces deux jours d&#8217;avril, votre ma\u00eetresse <strong>Patricia<\/strong> vous a pr\u00e9par\u00e9 les activit\u00e9s suivantes :<\/p>\n\n\n\n<p><\/p>\n\n\n\n<p><strong>Fran\u00e7ais<\/strong><\/p>\n\n\n\n<div class=\"wp-block-buttons is-layout-flex wp-block-buttons-is-layout-flex\">\n<div class=\"wp-block-button\"><a class=\"wp-block-button__link has-text-color has-very-light-gray-color has-background has-vivid-cyan-blue-background-color\" href=\"\/wp-content\/uploads\/avril2020\/LEY\/CE2C\/Mot_du_jour1.pdf\">Le mot du jour<\/a><\/div>\n<\/div>\n\n\n\n<p><\/p>\n\n\n\n<p><strong>Correction <\/strong>avec les mots ranger, \u00e9colier et sage :<\/p>\n\n\n\n<div class=\"wp-block-buttons is-layout-flex wp-block-buttons-is-layout-flex\">\n<div class=\"wp-block-button\"><a class=\"wp-block-button__link has-text-color has-very-light-gray-color has-background has-pale-cyan-blue-background-color\" href=\"\/wp-content\/uploads\/avril2020\/LEY\/CE2C\/Mot_du_jour1_corr.pdf\">ECOLIER<\/a><\/div>\n\n\n\n<div class=\"wp-block-button is-style-outline\"><a class=\"wp-block-button__link has-text-color has-very-light-gray-color has-background has-pale-cyan-blue-background-color\" href=\"\/wp-content\/uploads\/avril2020\/LEY\/CE2C\/Mot_du_jour2_corr.pdf\">RANGER<\/a><\/div>\n\n\n\n<div class=\"wp-block-button is-style-outline\"><a class=\"wp-block-button__link has-text-color has-very-light-gray-color has-background has-pale-cyan-blue-background-color\" href=\"\/wp-content\/uploads\/avril2020\/LEY\/CE2C\/Mot_du_jour3_corr.pdf\">SAGE<\/a><\/div>\n<\/div>\n\n\n\n<div class=\"wp-block-buttons is-layout-flex wp-block-buttons-is-layout-flex\">\n<div class=\"wp-block-button\"><a class=\"wp-block-button__link has-text-color has-very-light-gray-color has-background has-vivid-cyan-blue-background-color\" href=\"\/wp-content\/uploads\/avril2020\/LEY\/CE2C\/Ecr_clav.pdf\">Lettres cursives du clavier<\/a><\/div>\n<\/div>\n\n\n\n<p><\/p>\n\n\n\n<p><strong>Math\u00e9matiques<\/strong><\/p>\n\n\n\n<div class=\"wp-block-buttons is-layout-flex wp-block-buttons-is-layout-flex\">\n<div class=\"wp-block-button\"><a class=\"wp-block-button__link has-text-color has-very-light-gray-color has-background has-vivid-cyan-blue-background-color\" href=\"\/wp-content\/uploads\/avril2020\/LEY\/CE2C\/Nb_du_jour1.pdf\">Le nombre du jour<\/a><\/div>\n<\/div>\n\n\n\n<p><\/p>\n\n\n\n<p><strong>Correction<\/strong> avec les nombres 78, 269 et 3 145 :<\/p>\n\n\n\n<div class=\"wp-block-buttons is-layout-flex wp-block-buttons-is-layout-flex\">\n<div class=\"wp-block-button is-style-outline\"><a class=\"wp-block-button__link has-text-color has-very-light-gray-color has-background has-pale-cyan-blue-background-color\" href=\"\/wp-content\/uploads\/avril2020\/LEY\/CE2C\/Nb_du_jour2_corr.pdf\">Nombre 78<\/a><\/div>\n\n\n\n<div class=\"wp-block-button is-style-outline\"><a class=\"wp-block-button__link has-text-color has-very-light-gray-color has-background has-pale-cyan-blue-background-color\" href=\"\/wp-content\/uploads\/avril2020\/LEY\/CE2C\/Nb_du_jour3_corr.pdf\">Nombre 269<\/a><\/div>\n\n\n\n<div class=\"wp-block-button\"><a class=\"wp-block-button__link has-text-color has-very-light-gray-color has-background has-pale-cyan-blue-background-color\" href=\"\/wp-content\/uploads\/avril2020\/LEY\/CE2C\/Nb_du_jour1_corr.pdf\">Nombre 3 145<\/a><\/div>\n<\/div>\n\n\n\n<div class=\"wp-block-buttons is-layout-flex wp-block-buttons-is-layout-flex\">\n<div class=\"wp-block-button\"><a class=\"wp-block-button__link has-text-color has-very-light-gray-color has-background has-vivid-cyan-blue-background-color\" href=\"\/wp-content\/uploads\/avril2020\/LEY\/CE2C\/Tab_add.pdf\">Tables d&#8217;addition avec correction<\/a><\/div>\n<\/div>\n\n\n\n<p><\/p>\n\n\n\n<hr class=\"wp-block-separator\"\/>\n\n\n\n<p>Veuillez d\u00e9couvrir les activit\u00e9s propos\u00e9es par votre ma\u00eetresse :<\/p>\n\n\n\n<div class=\"wp-block-buttons is-layout-flex wp-block-buttons-is-layout-flex\">\n<div class=\"wp-block-button\"><a class=\"wp-block-button__link has-text-color has-very-light-gray-color has-background has-vivid-cyan-blue-background-color\" href=\"\/wp-content\/uploads\/avril2020\/LEY\/CE2C\/Creation_charades.pdf\">Cr\u00e9ation de charades<\/a><\/div>\n\n\n\n<div class=\"wp-block-button is-style-fill\"><a class=\"wp-block-button__link has-text-color has-very-light-gray-color has-background has-vivid-cyan-blue-background-color\" href=\"\/wp-content\/uploads\/avril2020\/LEY\/CE2C\/Arts_visuels_visages.pdf\">Les visages<\/a><\/div>\n\n\n\n<div class=\"wp-block-button is-style-fill\"><a class=\"wp-block-button__link has-text-color has-very-light-gray-color has-background has-vivid-cyan-blue-background-color\" href=\"\/wp-content\/uploads\/avril2020\/LEY\/CE2C\/Fichier_ecriture.pdf\">Gamme d&#8217;\u00e9criture<\/a><\/div>\n\n\n\n<div class=\"wp-block-button is-style-fill\"><a class=\"wp-block-button__link has-text-color has-very-light-gray-color has-background has-light-green-cyan-background-color\" href=\"\/wp-content\/uploads\/avril2020\/LEY\/CE2C\/Memento.pdf\">Memento<\/a><\/div>\n<\/div>\n\n\n\n<p><\/p>\n\n\n\n<div class=\"wp-block-buttons is-layout-flex wp-block-buttons-is-layout-flex\">\n<div class=\"wp-block-button\"><a class=\"wp-block-button__link has-background has-luminous-vivid-amber-background-color\" href=\"\/wp-content\/uploads\/avril2020\/LEY\/CE2C\/Conseils_dessiner.pdf\">Conseils pour apprendre \u00e0 dessiner<\/a><\/div>\n<\/div>\n\n\n\n<p><strong>Exercices :<\/strong><\/p>\n\n\n\n<div class=\"wp-block-buttons is-layout-flex wp-block-buttons-is-layout-flex\">\n<div class=\"wp-block-button is-style-outline\"><a class=\"wp-block-button__link has-text-color has-very-light-gray-color has-background has-vivid-cyan-blue-background-color\" href=\"\/wp-content\/uploads\/avril2020\/LEY\/CE2C\/Dess_chateau_fort.pdf\">Ch\u00e2teau fort<\/a><\/div>\n\n\n\n<div class=\"wp-block-button is-style-outline\"><a class=\"wp-block-button__link has-text-color has-very-light-gray-color has-background has-vivid-cyan-blue-background-color\" href=\"\/wp-content\/uploads\/avril2020\/LEY\/CE2C\/Dess_chateau_en.pdf\">Ch\u00e2teau enchant\u00e9<\/a><\/div>\n\n\n\n<div class=\"wp-block-button is-style-outline\"><a class=\"wp-block-button__link has-text-color has-very-light-gray-color has-background has-vivid-cyan-blue-background-color\" href=\"\/wp-content\/uploads\/avril2020\/LEY\/CE2C\/Dess_cheval.pdf\">Cheval<\/a><\/div>\n\n\n\n<div class=\"wp-block-button is-style-outline\"><a class=\"wp-block-button__link has-text-color has-very-light-gray-color has-background has-vivid-cyan-blue-background-color\" href=\"\/wp-content\/uploads\/avril2020\/LEY\/CE2C\/Dess_ours.pdf\">Ours<\/a><\/div>\n<\/div>\n\n\n\n<hr class=\"wp-block-separator\"\/>\n\n\n\n<p>Votre ma\u00eetresse&nbsp;<strong>Patricia<\/strong>&nbsp;vous pr\u00e9sente aujourd\u2019hui le programme de travail pour cette semaine :<\/p>\n\n\n\n<div class=\"wp-block-buttons is-layout-flex wp-block-buttons-is-layout-flex\">\n<div class=\"wp-block-button\"><a class=\"wp-block-button__link has-text-color has-very-light-gray-color has-background has-luminous-vivid-amber-background-color\" href=\"\/wp-content\/uploads\/avril2020\/LEY\/CE2C\/Prog_30_au_03.pdf\">Programme du 30 au 4 avril<\/a><\/div>\n<\/div>\n\n\n\n<p><strong>Les masses<\/strong><\/p>\n\n\n\n<div class=\"wp-block-buttons is-layout-flex wp-block-buttons-is-layout-flex\">\n<div class=\"wp-block-button\"><a class=\"wp-block-button__link has-text-color has-very-light-gray-color has-background has-vivid-cyan-blue-background-color\" href=\"\/wp-content\/uploads\/avril2020\/LEY\/CE2C\/Masse1.pdf\">Masses niv 1<\/a><\/div>\n\n\n\n<div class=\"wp-block-button is-style-fill\"><a class=\"wp-block-button__link has-text-color has-very-light-gray-color has-background has-vivid-green-cyan-background-color\" href=\"\/wp-content\/uploads\/avril2020\/LEY\/CE2C\/Masse1_corr.pdf\">Correction<\/a><\/div>\n<\/div>\n\n\n\n<div class=\"wp-block-buttons is-layout-flex wp-block-buttons-is-layout-flex\">\n<div class=\"wp-block-button\"><a class=\"wp-block-button__link has-text-color has-very-light-gray-color has-background has-vivid-cyan-blue-background-color\" href=\"\/wp-content\/uploads\/avril2020\/LEY\/CE2C\/Masse2.pdf\">Masses  niv 2<\/a><\/div>\n\n\n\n<div class=\"wp-block-button is-style-fill\"><a class=\"wp-block-button__link has-text-color has-very-light-gray-color has-background has-vivid-green-cyan-background-color\" href=\"\/wp-content\/uploads\/avril2020\/LEY\/CE2C\/Masse2_corr.pdf\">Correction<\/a><\/div>\n<\/div>\n\n\n\n<p><strong>Vocabulaire<\/strong><\/p>\n\n\n\n<div class=\"wp-block-buttons is-layout-flex wp-block-buttons-is-layout-flex\">\n<div class=\"wp-block-button\"><a class=\"wp-block-button__link has-text-color has-very-light-gray-color has-background has-vivid-cyan-blue-background-color\" href=\"\/wp-content\/uploads\/avril2020\/LEY\/CE2C\/Anto.pdf\">Antonymes<\/a><\/div>\n\n\n\n<div class=\"wp-block-button is-style-fill\"><a class=\"wp-block-button__link has-text-color has-very-light-gray-color has-background has-vivid-green-cyan-background-color\" href=\"\/wp-content\/uploads\/avril2020\/LEY\/CE2C\/Anto_corr.pdf\">Correction<\/a><\/div>\n<\/div>\n\n\n\n<p><strong>Conjugaison<\/strong><\/p>\n\n\n\n<div class=\"wp-block-buttons is-layout-flex wp-block-buttons-is-layout-flex\">\n<div class=\"wp-block-button\"><a class=\"wp-block-button__link has-text-color has-very-light-gray-color has-background has-vivid-cyan-blue-background-color\" href=\"\/wp-content\/uploads\/avril2020\/LEY\/CE2C\/Conj_imp.pdf\">Imparfait de l&#8217;indicatif<\/a><\/div>\n\n\n\n<div class=\"wp-block-button is-style-outline\"><a class=\"wp-block-button__link has-text-color has-very-light-gray-color has-background has-vivid-green-cyan-background-color\" href=\"\/wp-content\/uploads\/avril2020\/LEY\/CE2C\/Conj_imp_corr.pdf\">Correction<\/a><\/div>\n<\/div>\n\n\n\n<p><strong>Num\u00e9ration<\/strong><\/p>\n\n\n\n<div class=\"wp-block-buttons is-layout-flex wp-block-buttons-is-layout-flex\">\n<div class=\"wp-block-button\"><a class=\"wp-block-button__link has-text-color has-very-light-gray-color has-background has-vivid-cyan-blue-background-color\" href=\"\/wp-content\/uploads\/avril2020\/LEY\/CE2C\/Num.pdf\">Fiche<\/a><\/div>\n\n\n\n<div class=\"wp-block-button is-style-fill\"><a class=\"wp-block-button__link has-text-color has-very-light-gray-color has-background has-vivid-green-cyan-background-color\" href=\"\/wp-content\/uploads\/avril2020\/LEY\/CE2C\/Num_corr.pdf\">Correction<\/a><\/div>\n<\/div>\n\n\n\n<div class=\"wp-block-buttons is-layout-flex wp-block-buttons-is-layout-flex\">\n<div class=\"wp-block-button\"><a class=\"wp-block-button__link has-text-color has-very-light-gray-color has-background has-vivid-cyan-blue-background-color\" href=\"\/wp-content\/uploads\/avril2020\/LEY\/CE2C\/Multi.pdf\">Multiplication<\/a><\/div>\n<\/div>\n\n\n\n<hr class=\"wp-block-separator\"\/>\n\n\n\n<p>Voici les activit\u00e9s que votre ma\u00eetresse vous propose aujourd&#8217;hui :<\/p>\n\n\n\n<div class=\"wp-block-buttons is-layout-flex wp-block-buttons-is-layout-flex\">\n<div class=\"wp-block-button\"><a class=\"wp-block-button__link has-text-color has-very-light-gray-color has-background has-luminous-vivid-amber-background-color\" href=\"\/wp-content\/uploads\/mars2020\/Docs\/LEY\/CE2C\/2_Sem_23_27.pdf\">Programme du 23 au 27 mars<\/a><\/div>\n<\/div>\n\n\n\n<div class=\"wp-block-buttons is-layout-flex wp-block-buttons-is-layout-flex\">\n<div class=\"wp-block-button\"><a class=\"wp-block-button__link has-text-color has-very-light-gray-color has-background has-luminous-vivid-amber-background-color\" href=\"\/wp-content\/uploads\/mars2020\/Docs\/LEY\/CE2C\/2_Bilan_sem_23_27.pdf\">Bilan de la semaine<\/a><\/div>\n<\/div>\n\n\n\n<div class=\"wp-block-buttons is-layout-flex wp-block-buttons-is-layout-flex\">\n<div class=\"wp-block-button\"><a class=\"wp-block-button__link has-text-color has-very-light-gray-color has-background has-vivid-green-cyan-background-color\" href=\"\/wp-content\/uploads\/mars2020\/Docs\/LEY\/CE2C\/2_Francais_corr_23_03.pdf\">Fran\u00e7ais &#8211; Correction du 23 mars<\/a><\/div>\n<\/div>\n\n\n\n<!--nextpage-->\n\n\n\n<p><strong> Conjugaison<\/strong><\/p>\n\n\n\n<div class=\"wp-block-buttons is-layout-flex wp-block-buttons-is-layout-flex\">\n<div class=\"wp-block-button\"><a class=\"wp-block-button__link has-text-color has-very-light-gray-color has-background has-vivid-cyan-blue-background-color\" href=\"\/wp-content\/uploads\/mars2020\/Docs\/LEY\/CE2C\/2_Conj_imp.pdf\">L&#8217;imparfait de l&#8217;indicatif<\/a><\/div>\n\n\n\n<div class=\"wp-block-button is-style-fill\"><a class=\"wp-block-button__link has-text-color has-very-light-gray-color has-background has-vivid-green-cyan-background-color\" href=\"\/wp-content\/uploads\/mars2020\/Docs\/LEY\/CE2C\/2_Conj_imp_corr.pdf\">Correction<\/a><\/div>\n<\/div>\n\n\n\n<p><strong>Vocabulaire<\/strong><\/p>\n\n\n\n<div class=\"wp-block-buttons is-layout-flex wp-block-buttons-is-layout-flex\">\n<div class=\"wp-block-button\"><a class=\"wp-block-button__link has-text-color has-very-light-gray-color has-background has-vivid-cyan-blue-background-color\" href=\"\/wp-content\/uploads\/mars2020\/Docs\/LEY\/CE2C2_Voc_anto.pdf\">Les antonymes<\/a><\/div>\n<\/div>\n\n\n\n<div class=\"wp-block-buttons is-layout-flex wp-block-buttons-is-layout-flex\">\n<div class=\"wp-block-button\"><a class=\"wp-block-button__link has-text-color has-very-light-gray-color has-background has-vivid-green-cyan-background-color\" href=\"\/wp-content\/uploads\/mars2020\/Docs\/LEY\/CE2C\/2_Maths_corr_23_03.pdf\">Math\u00e9matiques &#8211; Correction du 23 mars<\/a><\/div>\n<\/div>\n\n\n\n<p><strong>Num\u00e9ration<\/strong><\/p>\n\n\n\n<div class=\"wp-block-buttons is-layout-flex wp-block-buttons-is-layout-flex\">\n<div class=\"wp-block-button\"><a class=\"wp-block-button__link has-text-color has-very-light-gray-color has-background has-vivid-cyan-blue-background-color\" href=\"\/wp-content\/uploads\/mars2020\/Docs\/LEY\/CE2C\/2_Num1.pdf\">Fiche 1<\/a><\/div>\n\n\n\n<div class=\"wp-block-button is-style-fill\"><a class=\"wp-block-button__link has-text-color has-very-light-gray-color has-background has-vivid-cyan-blue-background-color\" href=\"\/wp-content\/uploads\/mars2020\/Docs\/LEY\/CE2C\/2_Num2.pdf\">Fiche 2<\/a><\/div>\n<\/div>\n\n\n\n<p><strong>Probl\u00e8mes<\/strong><\/p>\n\n\n\n<div class=\"wp-block-buttons is-layout-flex wp-block-buttons-is-layout-flex\">\n<div class=\"wp-block-button\"><a class=\"wp-block-button__link has-text-color has-very-light-gray-color has-background has-vivid-cyan-blue-background-color\" href=\"\/wp-content\/uploads\/mars2020\/Docs\/LEY\/CE2C\/2_Prob1.pdf\">Fiche 1<\/a><\/div>\n\n\n\n<div class=\"wp-block-button is-style-outline\"><a class=\"wp-block-button__link has-text-color has-very-light-gray-color has-background has-vivid-cyan-blue-background-color\" href=\"\/wp-content\/uploads\/mars2020\/Docs\/LEY\/CE2C\/2_Prob2.pdf\">Fiche 2<\/a><\/div>\n<\/div>\n\n\n\n<p><strong>Multiplication<\/strong><\/p>\n\n\n\n<div class=\"wp-block-buttons is-layout-flex wp-block-buttons-is-layout-flex\">\n<div class=\"wp-block-button\"><a class=\"wp-block-button__link has-text-color has-very-light-gray-color has-background has-vivid-cyan-blue-background-color\" href=\"\/wp-content\/uploads\/mars2020\/Docs\/LEY\/CE2C\/2_Multi.pdf\">Exercices<\/a><\/div>\n\n\n\n<div class=\"wp-block-button is-style-outline\"><a class=\"wp-block-button__link has-text-color has-very-light-gray-color has-background has-vivid-green-cyan-background-color\" href=\"\/wp-content\/uploads\/mars2020\/Docs\/LEY\/CE2C\/2_Multi_corr.pdf\">Correction<\/a><\/div>\n<\/div>\n\n\n\n<div class=\"wp-block-buttons is-layout-flex wp-block-buttons-is-layout-flex\">\n<div class=\"wp-block-button\"><a class=\"wp-block-button__link has-text-color has-very-light-gray-color has-background has-vivid-cyan-blue-background-color\" href=\"\/wp-content\/uploads\/mars2020\/Docs\/LEY\/CE2C\/2_Table_vierge.pdf\">Table vierge<\/a><\/div>\n<\/div>\n\n\n\n<hr class=\"wp-block-separator\"\/>\n\n\n\n<p>Ma\u00eetresse <strong>Patricia <\/strong>propose \u00e0 ses \u00e9l\u00e8ves les activit\u00e9s suivantes :<\/p>\n\n\n\n<div class=\"wp-block-buttons is-layout-flex wp-block-buttons-is-layout-flex\">\n<div class=\"wp-block-button\"><a class=\"wp-block-button__link has-text-color has-very-light-gray-color has-background has-luminous-vivid-amber-background-color\" href=\"\/wp-content\/uploads\/mars2020\/Docs\/LEY\/CE2C\/Prog_16_20.pdf\">Programme du 16 au 20 mars<\/a><\/div>\n<\/div>\n\n\n\n<div class=\"wp-block-buttons is-layout-flex wp-block-buttons-is-layout-flex\">\n<div class=\"wp-block-button\"><a class=\"wp-block-button__link has-text-color has-very-light-gray-color has-background has-luminous-vivid-amber-background-color\" href=\"\/wp-content\/uploads\/mars2020\/Docs\/LEY\/CE2C\/Bilan_sem.pdf\">Bilan de la semaine<\/a><\/div>\n<\/div>\n\n\n\n<p><strong>Lecture<\/strong><\/p>\n\n\n\n<div class=\"wp-block-buttons is-layout-flex wp-block-buttons-is-layout-flex\">\n<div class=\"wp-block-button\"><a class=\"wp-block-button__link has-background has-vivid-cyan-blue-background-color\" href=\"\/wp-content\/uploads\/mars2020\/Docs\/LEY\/CE2C\/Fiches_lectures.pdf\">Fiche<\/a><\/div>\n\n\n\n<div class=\"wp-block-button is-style-outline\"><a class=\"wp-block-button__link has-text-color has-very-light-gray-color has-background has-vivid-cyan-blue-background-color\" href=\"\/wp-content\/uploads\/mars2020\/Docs\/LEY\/CE2C\/Entrainement_lecture.pdf\">Entra\u00eenement \u00e0 la lecture<\/a><\/div>\n\n\n\n<div class=\"wp-block-button is-style-outline\"><a class=\"wp-block-button__link has-text-color has-very-light-gray-color has-background has-vivid-cyan-blue-background-color\" href=\"\/wp-content\/uploads\/mars2020\/Docs\/LEY\/CE2C\/Entrainement_phonologie.pdf\">Entra\u00eenement \u00e0 phonologie<\/a><\/div>\n<\/div>\n\n\n\n<p><strong>Orthographe<\/strong><\/p>\n\n\n\n<div class=\"wp-block-buttons is-layout-flex wp-block-buttons-is-layout-flex\">\n<div class=\"wp-block-button\"><a class=\"wp-block-button__link has-text-color has-very-light-gray-color has-background has-vivid-cyan-blue-background-color\" href=\"\/wp-content\/uploads\/mars2020\/Docs\/LEY\/CE2C\/Ortho1.pdf\">Fiche 1<\/a><\/div>\n\n\n\n<div class=\"wp-block-button is-style-fill\"><a class=\"wp-block-button__link has-text-color has-very-light-gray-color has-background has-vivid-cyan-blue-background-color\" href=\"\/wp-content\/uploads\/mars2020\/Docs\/LEY\/CE2C\/Ortho2.pdf\">Fiche 2<\/a><\/div>\n\n\n\n<div class=\"wp-block-button is-style-fill\"><a class=\"wp-block-button__link has-text-color has-very-light-gray-color has-background has-vivid-cyan-blue-background-color\" href=\"\/wp-content\/uploads\/mars2020\/Docs\/LEY\/CE2C\/Ortho3.pdf\">Fiche 3<\/a><\/div>\n<\/div>\n\n\n\n<p><strong> Grammaire<\/strong><\/p>\n\n\n\n<div class=\"wp-block-buttons is-layout-flex wp-block-buttons-is-layout-flex\">\n<div class=\"wp-block-button\"><a class=\"wp-block-button__link has-text-color has-very-light-gray-color has-background has-vivid-cyan-blue-background-color\" href=\"\/wp-content\/uploads\/mars2020\/Docs\/LEY\/CE2C\/Gram1.pdf\">Exercices<\/a><\/div>\n<\/div>\n\n\n\n<p><strong>Conjugaison<\/strong><\/p>\n\n\n\n<div class=\"wp-block-buttons is-layout-flex wp-block-buttons-is-layout-flex\">\n<div class=\"wp-block-button\"><a class=\"wp-block-button__link has-text-color has-very-light-gray-color has-background has-vivid-cyan-blue-background-color\" href=\"\/wp-content\/uploads\/mars2020\/Docs\/LEY\/CE2C\/Conj_imp1.pdf\">L&#8217;imparfait de l&#8217;indicatif 1<\/a><\/div>\n\n\n\n<div class=\"wp-block-button is-style-outline\"><a class=\"wp-block-button__link has-text-color has-very-light-gray-color has-background has-vivid-cyan-blue-background-color\" href=\"\/wp-content\/uploads\/mars2020\/Docs\/LEY\/CE2C\/Conj_imp2.pdf\">L&#8217;imparfait de l&#8217;indicatif 2<\/a><\/div>\n<\/div>\n\n\n\n<p><strong>Math\u00e9matiques<\/strong><\/p>\n\n\n\n<div class=\"wp-block-buttons is-layout-flex wp-block-buttons-is-layout-flex\">\n<div class=\"wp-block-button\"><a class=\"wp-block-button__link has-text-color has-very-light-gray-color has-background has-vivid-cyan-blue-background-color\" href=\"\/wp-content\/uploads\/mars2020\/Docs\/LEY\/CE2C\/Num1.pdf\">Num\u00e9ration 1<\/a><\/div>\n\n\n\n<div class=\"wp-block-button is-style-outline\"><a class=\"wp-block-button__link has-text-color has-very-light-gray-color has-background has-vivid-cyan-blue-background-color\" href=\"\/wp-content\/uploads\/mars2020\/Docs\/LEY\/CE2C\/Num2.pdf\">Num\u00e9ration 2<\/a><\/div>\n<\/div>\n\n\n\n<p><strong> Les masses<\/strong><\/p>\n\n\n\n<div class=\"wp-block-buttons is-layout-flex wp-block-buttons-is-layout-flex\">\n<div class=\"wp-block-button\"><a class=\"wp-block-button__link has-text-color has-very-light-gray-color has-background has-vivid-cyan-blue-background-color\" href=\"\/wp-content\/uploads\/mars2020\/Docs\/LEY\/CE2C\/Masse_lecon.pdf\">Le\u00e7on<\/a><\/div>\n\n\n\n<div class=\"wp-block-button is-style-outline\"><a class=\"wp-block-button__link has-text-color has-very-light-gray-color has-background has-vivid-cyan-blue-background-color\" href=\"\/wp-content\/uploads\/mars2020\/Docs\/LEY\/CE2C\/Masse_ex.pdf\">Exercices<\/a><\/div>\n\n\n\n<div class=\"wp-block-button is-style-outline\"><a class=\"wp-block-button__link has-text-color has-very-light-gray-color has-background has-vivid-green-cyan-background-color\" href=\"\/wp-content\/uploads\/mars2020\/Docs\/LEY\/CE2C\/Masse_corr.pdf\">Correction<\/a><\/div>\n<\/div>\n\n\n\n<p><strong>Divers<\/strong><\/p>\n\n\n\n<div class=\"wp-block-buttons is-layout-flex wp-block-buttons-is-layout-flex\">\n<div class=\"wp-block-button\"><a class=\"wp-block-button__link has-background has-vivid-cyan-blue-background-color\" href=\"\/wp-content\/uploads\/mars2020\/Docs\/LEY\/CE2C\/Colo_mag.pdf\">Coloriages magiques<\/a><\/div>\n\n\n\n<div class=\"wp-block-button is-style-outline\"><a class=\"wp-block-button__link has-text-color has-very-light-gray-color has-background has-vivid-cyan-blue-background-color\" href=\"\/wp-content\/uploads\/mars2020\/Docs\/LEY\/CE2C\/Sudokus.pdf\">Sudoku<\/a><\/div>\n<\/div>\n\n\n\n<div class=\"wp-block-buttons is-layout-flex wp-block-buttons-is-layout-flex\">\n<div class=\"wp-block-button\"><a class=\"wp-block-button__link has-text-color has-very-light-gray-color has-background has-vivid-cyan-blue-background-color\" href=\"\/wp-content\/uploads\/mars2020\/Docs\/LEY\/CE2C\/Mandalas_76_100.pdf\">Mandalas<\/a><\/div>\n\n\n\n<div class=\"wp-block-button is-style-outline\"><a class=\"wp-block-button__link has-text-color has-very-light-gray-color has-background has-vivid-cyan-blue-background-color\" href=\"\/wp-content\/uploads\/mars2020\/Docs\/LEY\/CE2C\/Reproductions.pdf\">Reproductions<\/a><\/div>\n<\/div>\n\n\n\n<hr class=\"wp-block-separator\"\/>\n","protected":false},"excerpt":{"rendered":"<p>Pour cette semaine, votre ma\u00eetresse vous propose le programme suivant : Vocabulaire Conjugaison Grammaire Math\u00e9matiques Votre ma\u00eetresse Patricia vous livre le programme de cette semaine ainsi que les fiches de travail qui s&#8217;y rapportent : Fran\u00e7ais Vocabulaire Conjugaison Math\u00e9matiques Voici les corrections d&#8217;exercices pr\u00e9c\u00e9dents que vous pr\u00e9sente votre ma\u00eetresse : Votre ma\u00eetresse Patricia vous propose &hellip; <\/p>\n<p class=\"link-more\"><a href=\"https:\/\/profsenligne.net\/index.php\/ce2c-3\/\" class=\"more-link\">Continue reading<span class=\"screen-reader-text\"> &#8220;CE2C&#8221;<\/span><\/a><\/p>\n","protected":false},"author":2,"featured_media":0,"parent":0,"menu_order":0,"comment_status":"closed","ping_status":"closed","template":"","meta":{"footnotes":""},"_links":{"self":[{"href":"https:\/\/profsenligne.net\/index.php\/wp-json\/wp\/v2\/pages\/447"}],"collection":[{"href":"https:\/\/profsenligne.net\/index.php\/wp-json\/wp\/v2\/pages"}],"about":[{"href":"https:\/\/profsenligne.net\/index.php\/wp-json\/wp\/v2\/types\/page"}],"author":[{"embeddable":true,"href":"https:\/\/profsenligne.net\/index.php\/wp-json\/wp\/v2\/users\/2"}],"replies":[{"embeddable":true,"href":"https:\/\/profsenligne.net\/index.php\/wp-json\/wp\/v2\/comments?post=447"}],"version-history":[{"count":68,"href":"https:\/\/profsenligne.net\/index.php\/wp-json\/wp\/v2\/pages\/447\/revisions"}],"predecessor-version":[{"id":3575,"href":"https:\/\/profsenligne.net\/index.php\/wp-json\/wp\/v2\/pages\/447\/revisions\/3575"}],"wp:attachment":[{"href":"https:\/\/profsenligne.net\/index.php\/wp-json\/wp\/v2\/media?parent=447"}],"curies":[{"name":"wp","href":"https:\/\/api.w.org\/{rel}","templated":true}]}}